{"id":219,"date":"2017-07-15T01:31:12","date_gmt":"2017-07-15T04:31:12","guid":{"rendered":"http:\/\/abes-es.org.br\/evento\/?page_id=219"},"modified":"2026-04-17T12:47:54","modified_gmt":"2026-04-17T15:47:54","slug":"palestrantes","status":"publish","type":"page","link":"https:\/\/abes-es.org.br\/evento\/palestrantes\/","title":{"rendered":"Convidados confirmados"},"content":{"rendered":"<section id=\"participaram\" class=\"instrutores\"><div class=\"grid-container grid-parent lin c4 jcc\"><div class=\"col\"><div class=\"instrutor p-10\"><div class=\"foto-instrutor foto\"><img width=\"300\" height=\"263\" src=\"https:\/\/abes-es.org.br\/evento\/wp-content\/uploads\/2017\/07\/editad-300x263.jpg\" class=\"attachment-medium size-medium\" alt=\"\" srcset=\"https:\/\/abes-es.org.br\/evento\/wp-content\/uploads\/2017\/07\/editad-300x263.jpg 300w, https:\/\/abes-es.org.br\/evento\/wp-content\/uploads\/2017\/07\/editad.jpg 484w\" sizes=\"(max-width: 300px) 100vw, 300px\" \/><\/div><div class=\"nome-instrutor nome tac\">Prof.  Ricardo Franci Gon\u00e7alves<\/div><div class=\"formacao-instrutor linha-botao tac\"><div data-target-id=\"iid-1\" class=\"botao-modal tac ttuc fs-09 botao\"><a href=\"\">Forma\u00e7\u00e3o e Experi\u00eancia<\/a><\/div><\/div><div class=\"hide\" id=\"iid-1\"><h3>Prof.  Ricardo Franci Gon\u00e7alves<\/h3><p>Engenheiro civil (UERJ, 1984), com atua\u00e7\u00e3o espec\u00edfica nos setores de saneamento ambiental e de desenvolvimento cient\u00edfico e tecnol\u00f3gico. Possui p\u00f3s-doutorado no Departamento de Gerenciamento de \u00c1guas Urbanas da Universidade T\u00e9cnica de Berlim, doutor em engenharia do tratamento de \u00e1guas pelo Institut National de Sciences Appliqu\u00e9es de Toulouse (Fran\u00e7a, 1993), Mestre em engenharia ambiental pela \u00c9cole Nationale des Ponts et Chauss\u00e9es de Paris (Fran\u00e7a - 1990) e p\u00f3s-graduado em Engenharia de Sa\u00fade P\u00fablica na Escola Nacional de Sa\u00fade P\u00fablica do Rio de Janeiro (1985). Professor titular do Departamento de Engenharia Ambiental e do Programa de Mestrado em Engenharia Ambiental da Universidade Federal do Esp\u00edrito Santo. Foi coordenador nacional da rede de pesquisas sobre conserva\u00e7\u00e3o de \u00e1gua em edifica\u00e7\u00f5es do Programa de Pesquisas em Saneamento B\u00e1sico (PROSAB), implementado por FINEP, Caixa Econ\u00f4mica Federal, CNPq e outras institui\u00e7\u00f5es. Coordenador do N\u00facleo de Pesquisas em Bioengenharia Aplicada ao Saneamento da UFES. S\u00f3cio-propriet\u00e1rio da empresa Fluxo M\u00e1quinas e Equipamentos Ltda. EPP, que fabrica e comercializa processos para tratamento e reuso de \u00e1guas residu\u00e1rias, e consultor de diversas empresas p\u00fablicas e privadas sobre o tema. Detentor de seis patentes industriais (uma internacional e tr\u00eas nacionais) de processos de tratamento biol\u00f3gico de \u00e1guas residu\u00e1rias. Publicou como autor e co-autor 7 livros e mais de 300 trabalhos em anais e peri\u00f3dicos nacionais e internacionais nas \u00e1reas de saneamento b\u00e1sico e tratamento de \u00e1guas residu\u00e1rias. Integrante da Comiss\u00e3o de Estudo de Conserva\u00e7\u00e3o de \u00c1gua em Edifica\u00e7\u00f5es (CE-002: 146.004) do Comit\u00ea Brasileiro da Constru\u00e7\u00e3o Civil (ABNT\/CB-002).<\/p>\n<\/div><\/div><\/div><div class=\"col\"><div class=\"instrutor p-10\"><div class=\"foto-instrutor foto\"><img width=\"278\" height=\"300\" src=\"https:\/\/abes-es.org.br\/evento\/wp-content\/uploads\/2023\/08\/foto-Aureliano-Costa-e1691173157808-278x300.jpg\" class=\"attachment-medium size-medium\" alt=\"\" srcset=\"https:\/\/abes-es.org.br\/evento\/wp-content\/uploads\/2023\/08\/foto-Aureliano-Costa-e1691173157808-278x300.jpg 278w, https:\/\/abes-es.org.br\/evento\/wp-content\/uploads\/2023\/08\/foto-Aureliano-Costa-e1691173157808.jpg 750w\" sizes=\"(max-width: 278px) 100vw, 278px\" \/><\/div><div class=\"nome-instrutor nome tac\">Eng. Aureliano Nogueira da Costa<\/div><div class=\"formacao-instrutor linha-botao tac\"><div data-target-id=\"iid-2\" class=\"botao-modal tac ttuc fs-09 botao\"><a href=\"\">Forma\u00e7\u00e3o e Experi\u00eancia<\/a><\/div><\/div><div class=\"hide\" id=\"iid-2\"><h3>Eng. Aureliano Nogueira da Costa<\/h3><p>Aureliano Nogueira da Costa<br \/>\nPossui gradua\u00e7\u00e3o em Agronomia pela Universidade Federal de Vi\u00e7osa (1981), mestrado em Fitotecnia pela Universidade Federal de Vi\u00e7osa (1984) e doutorado em Solos e Nutri\u00e7\u00e3o de Plantas pela Universidade Federal de Vi\u00e7osa (1993). Pesquisador do Instituto Capixaba de Pesquisa, Assist\u00eancia T\u00e9cnica e Extens\u00e3o Rural - INCAPER de 1984 a 2019. Professor doutor do ensino de P\u00f3s-gradua\u00e7\u00e3o das Faculdades Integradas Espirito Santenses, na \u00e1rea de Gest\u00e3o Empresarial e Gest\u00e3o Ambiental de 2002 a 2017. Professor participante de programas de p\u00f3s-gradua\u00e7\u00e3o da Universidade Federal do Esp\u00edrito Santo de 2002 a 2015. Foi Diretor T\u00e9cnico e Diretor Presidente da Funda\u00e7\u00e3o de Amparo a Pesquisa do Esp\u00edrito Santo (FAPES) e como Diretor T\u00e9cnico do INCAPER e atuou como Gerente Estadual de Agroecologia e Produ\u00e7\u00e3o Vegetal da Secretaria de Estado da Agricultura, Abastecimento, Aquicultura e Pesca do Esp\u00edrito Santo (SEAG). Foi Delegado Federal da Secretaria Especial de Agricultura Familiar e do Desenvolvimento Agr\u00e1rio no Esp\u00edrito Santo (SEAD) de 2016 a 2017, institui\u00e7\u00e3o ligada \u00e0 Casa Civil do Governo Federal. Pesquisador voluntario do INCAPER a partir de 2019. Tem experi\u00eancia na \u00e1rea de Agronomia, com \u00eanfase em Fertilidade do Solo e Nutri\u00e7\u00e3o de Plantas, atuando principalmente nos seguintes temas: fruticultura - mam\u00e3o, maracuj\u00e1, goiaba, manga, macad\u00e2mia, abacaxi, uva, caf\u00e9, pimenta do reino, DRIS, aduba\u00e7\u00e3o org\u00e2nica, uso de lodo de esgoto como fonte alternativa de nutrientes e mat\u00e9ria org\u00e2nica, manejo do solo e planta de pimenta do reino. Desenvolve atividades de Pesquisa, Desenvolvimento e Inova\u00e7\u00e3o Tecnol\u00f3gica voltadas para a promo\u00e7\u00e3o do desenvolvimento rural sustent\u00e1vel, manejo agroflorestal e recupera\u00e7\u00e3o de \u00e1reas degradadas e de nascentes, uso de cintur\u00e3o verde para fins de quebra-ventos em ambientes industriais. Foi Superintendente Federal da Agricultura no Esp\u00edrito Santo - SFA-MAPA no per\u00edodo de 2019 a 2023 e atualmente  pesquisador volunt\u00e1rio do Incaper e coordenador de projetos na Fundagres Inovar.<\/p>\n<\/div><\/div><\/div><div class=\"col\"><div class=\"instrutor p-10\"><div class=\"foto-instrutor foto\"><img width=\"294\" height=\"300\" src=\"https:\/\/abes-es.org.br\/evento\/wp-content\/uploads\/2025\/12\/Maria-helena-scaled-e1764793446805-294x300.jpg\" class=\"attachment-medium size-medium\" alt=\"\" srcset=\"https:\/\/abes-es.org.br\/evento\/wp-content\/uploads\/2025\/12\/Maria-helena-scaled-e1764793446805-294x300.jpg 294w, https:\/\/abes-es.org.br\/evento\/wp-content\/uploads\/2025\/12\/Maria-helena-scaled-e1764793446805-1002x1024.jpg 1002w, https:\/\/abes-es.org.br\/evento\/wp-content\/uploads\/2025\/12\/Maria-helena-scaled-e1764793446805-768x785.jpg 768w, https:\/\/abes-es.org.br\/evento\/wp-content\/uploads\/2025\/12\/Maria-helena-scaled-e1764793446805.jpg 1186w\" sizes=\"(max-width: 294px) 100vw, 294px\" \/><\/div><div class=\"nome-instrutor nome tac\">Enga. Maria Helena Alves<\/div><div class=\"formacao-instrutor linha-botao tac\"><div data-target-id=\"iid-3\" class=\"botao-modal tac ttuc fs-09 botao\"><a href=\"\">Forma\u00e7\u00e3o e Experi\u00eancia<\/a><\/div><\/div><div class=\"hide\" id=\"iid-3\"><h3>Enga. Maria Helena Alves<\/h3><p>Possui gradua\u00e7\u00e3o em Engenharia Civil pela Universidade Federal do Rio de Janeiro UFRJ (1986) e Mestrado em Engenharia Civil \u2013 \u00c1rea: Engenharia de Recursos H\u00eddricos pela Coordena\u00e7\u00e3o dos Programas de P\u00f3s-gradua\u00e7\u00e3o em Engenharia \u2013 COPPE\/UFRJ (1993). Possui tamb\u00e9m MBA em Gest\u00e3o Empresarial pela FGV\/Murad (2013). Foi coordenadora t\u00e9cnica do SIHBRI \u2013 Sistema de Informa\u00e7\u00f5es Hidrol\u00f3gicas da Bacia do Rio Itapemirim, professora substituta da UFES \u2013 Universidade Federal do Esp\u00edrito Santo e tamb\u00e9m Gerente de Meio Ambiente e Gestora da Divis\u00e3o de Gest\u00e3o Ambiental da CESAN \u2013 Companhia Esp\u00edrito Santense de Saneamento, antes de se aposentar em 2021. Sua atua\u00e7\u00e3o profissional \u00e9 concentrada na \u00e1rea de Meio Ambiente\/Recursos H\u00eddricos e Saneamento, com \u00eanfase em Planejamento Integrado dos Recursos H\u00eddricos, atuando principalmente nos seguintes segmentos: regula\u00e7\u00e3o dos servi\u00e7os de Saneamento, gest\u00e3o ambiental, gest\u00e3o de recursos h\u00eddricos, outorga, licenciamento ambiental, hidrologia, saneamento ambiental e legisla\u00e7\u00e3o ambiental.<br \/>\nNo \u00e2mbito institucional, foi membro do Conselho Nacional de Recursos H\u00eddricos (CNRH), representando o setor de Saneamento. \u00c9 conselheira do Conselho Estadual de Recursos H\u00eddricos \u2013 Esp\u00edrito Santo e membro da C\u00e2mara T\u00e9cnica de Regula\u00e7\u00e3o. No \u00e2mbito profissional, desenvolve atualmente atividades de consultoria em Meio Ambiente e Regula\u00e7\u00e3o dos servi\u00e7os p\u00fablicos de Saneamento, como tamb\u00e9m na participa\u00e7\u00e3o em bancas de aprova\u00e7\u00e3o de tese de Mestrado.<\/p>\n<\/div><\/div><\/div><div class=\"col\"><div class=\"instrutor p-10\"><div class=\"foto-instrutor foto\"><img width=\"300\" height=\"291\" src=\"https:\/\/abes-es.org.br\/evento\/wp-content\/uploads\/2025\/12\/Marcinha-scaled-e1764803554825-300x291.jpg\" class=\"attachment-medium size-medium\" alt=\"\" srcset=\"https:\/\/abes-es.org.br\/evento\/wp-content\/uploads\/2025\/12\/Marcinha-scaled-e1764803554825-300x291.jpg 300w, https:\/\/abes-es.org.br\/evento\/wp-content\/uploads\/2025\/12\/Marcinha-scaled-e1764803554825-1024x994.jpg 1024w, https:\/\/abes-es.org.br\/evento\/wp-content\/uploads\/2025\/12\/Marcinha-scaled-e1764803554825-768x746.jpg 768w, https:\/\/abes-es.org.br\/evento\/wp-content\/uploads\/2025\/12\/Marcinha-scaled-e1764803554825.jpg 1143w\" sizes=\"(max-width: 300px) 100vw, 300px\" \/><\/div><div class=\"nome-instrutor nome tac\">Enga. M\u00e1rcia Maria P. Alves de Azevedo<\/div><div class=\"formacao-instrutor linha-botao tac\"><div data-target-id=\"iid-4\" class=\"botao-modal tac ttuc fs-09 botao\"><a href=\"\">Forma\u00e7\u00e3o e Experi\u00eancia<\/a><\/div><\/div><div class=\"hide\" id=\"iid-4\"><h3>Enga. M\u00e1rcia Maria P. Alves de Azevedo<\/h3><p>Engenheira Civil graduada pela Universidade Federal do Estado do Esp\u00edrito Santo \u2013 UFES (1984), Especialista em Engenharia do Meio Ambiente pela Universidade Federal do Estado do Esp\u00edrito Santo \u2013 UFES (2002 a 2003) e MBA em Gest\u00e3o Empresarial \u2013 FGV (20012-2013). Empregada da Companhia Esp\u00edrito Santense de Saneamento \u2013 CESAN a partir de 2007 e Gestora da Divis\u00e3o de Saneamento Rural da CESAN de agosto\/2008 at\u00e9 maio\/2016, Diretora de Saneamento e Meio Ambiente \u2013 ABES-ES \u2013 gest\u00e3o 2014\/2016, Tesoureira \u2013 ABES-ES \u2013 gest\u00e3o 2017\/2019, Membro da C\u00e2mara Tem\u00e1tica de Saneamento Rural \u2013 ABES Nacional, Consultora UNESCO na FUNASA \u2013 Coordena\u00e7\u00e3o Regional do Esp\u00edrito Santo, Engenheira \u2013 An\u00e1lise de Projeto Hidrossanit\u00e1rio \u2013 Prefeitura de Vit\u00f3ria \u2013 2004 a 2007, Atuante atrav\u00e9s de contrato (terceirizado) na CESAN: 1996 a 2003 na Equipe de Saneamento Rural \u2013 Programa Pro-Rural\/CESAN \u2013 elabora\u00e7\u00e3o de projetos e or\u00e7amentos; 2004 a 2006 na equipe de gest\u00e3o \u2013 ger\u00eancia de esgotamento sanit\u00e1rio.<\/p>\n<\/div><\/div><\/div><div class=\"col\"><div class=\"instrutor p-10\"><div class=\"foto-instrutor foto\"><img width=\"300\" height=\"292\" src=\"https:\/\/abes-es.org.br\/evento\/wp-content\/uploads\/2025\/12\/Lorena-scaled-e1764703974418-300x292.jpg\" class=\"attachment-medium size-medium\" alt=\"\" srcset=\"https:\/\/abes-es.org.br\/evento\/wp-content\/uploads\/2025\/12\/Lorena-scaled-e1764703974418-300x292.jpg 300w, https:\/\/abes-es.org.br\/evento\/wp-content\/uploads\/2025\/12\/Lorena-scaled-e1764703974418-1024x996.jpg 1024w, https:\/\/abes-es.org.br\/evento\/wp-content\/uploads\/2025\/12\/Lorena-scaled-e1764703974418-768x747.jpg 768w, https:\/\/abes-es.org.br\/evento\/wp-content\/uploads\/2025\/12\/Lorena-scaled-e1764703974418.jpg 1254w\" sizes=\"(max-width: 300px) 100vw, 300px\" \/><\/div><div class=\"nome-instrutor nome tac\">Enga. Lorena Olinda<\/div><div class=\"formacao-instrutor linha-botao tac\"><div data-target-id=\"iid-5\" class=\"botao-modal tac ttuc fs-09 botao\"><a href=\"\">Forma\u00e7\u00e3o e Experi\u00eancia<\/a><\/div><\/div><div class=\"hide\" id=\"iid-5\"><h3>Enga. Lorena Olinda<\/h3><p>Mestre em Engenharia de Desenvolvimento Sustent\u00e1vel. Especialista em Engenharia Ambiental e Saneamento B\u00e1sico. Graduada em Tecnologia em Saneamento Ambiental pelo Instituto Federal do Espirito Santo (IFES). Experi\u00eancia de mais de 17 anos na \u00e1rea de saneamento. Atualmente trabalha na Coordenadoria de Rela\u00e7\u00f5es comunit\u00e1rias com atua\u00e7\u00e3o na Educa\u00e7\u00e3o Ambiental da CESAN e est\u00e1 como diretora da ABES sess\u00e3o ES.<\/p>\n<\/div><\/div><\/div><div class=\"col\"><div class=\"instrutor p-10\"><div class=\"foto-instrutor foto\"><img width=\"300\" height=\"288\" src=\"https:\/\/abes-es.org.br\/evento\/wp-content\/uploads\/2025\/12\/Ludmila-scaled-e1764702489192-300x288.jpg\" class=\"attachment-medium size-medium\" alt=\"\" srcset=\"https:\/\/abes-es.org.br\/evento\/wp-content\/uploads\/2025\/12\/Ludmila-scaled-e1764702489192-300x288.jpg 300w, https:\/\/abes-es.org.br\/evento\/wp-content\/uploads\/2025\/12\/Ludmila-scaled-e1764702489192-1024x982.jpg 1024w, https:\/\/abes-es.org.br\/evento\/wp-content\/uploads\/2025\/12\/Ludmila-scaled-e1764702489192-768x737.jpg 768w, https:\/\/abes-es.org.br\/evento\/wp-content\/uploads\/2025\/12\/Ludmila-scaled-e1764702489192.jpg 1050w\" sizes=\"(max-width: 300px) 100vw, 300px\" \/><\/div><div class=\"nome-instrutor nome tac\">Enga. Ludmila Esteves de Oliveira Costalonga<\/div><div class=\"formacao-instrutor linha-botao tac\"><div data-target-id=\"iid-6\" class=\"botao-modal tac ttuc fs-09 botao\"><a href=\"\">Forma\u00e7\u00e3o e Experi\u00eancia<\/a><\/div><\/div><div class=\"hide\" id=\"iid-6\"><h3>Enga. Ludmila Esteves de Oliveira Costalonga<\/h3><p>Mestranda em Tecnologias Sustent\u00e1veis e Tecn\u00f3loga em Saneamento Ambiental pelo Instituto Federal de Educa\u00e7\u00e3o, Ci\u00eancia e Tecnologia do Esp\u00edrito Santo (IFES). Especialista em Gest\u00e3o e Educa\u00e7\u00e3o Ambiental pelas Faculdades Integradas Esp\u00edrito-Santenses (FAESA). Tem experi\u00eancia e vem atuando nos seguintes temas: saneamento ambiental, sistemas de abastecimento, sistemas de esgotamento sanit\u00e1rio, gest\u00e3o e educa\u00e7\u00e3o ambiental. Atualmente trabalha como Tecn\u00f3loga em Saneamento Ambiental na Companhia Esp\u00edrito Santense de Saneamento (CESAN), na Coordenadoria de Rela\u00e7\u00f5es com a Comunidade (R-CRC), atuando no N\u00facleo de Educa\u00e7\u00e3o Ambiental, no qual desenvolve pesquisas e projetos socioambientais junto \u00e0s comunidades.<\/p>\n<\/div><\/div><\/div><div class=\"col\"><div class=\"instrutor p-10\"><div class=\"foto-instrutor foto\"><img width=\"300\" height=\"275\" src=\"https:\/\/abes-es.org.br\/evento\/wp-content\/uploads\/2025\/12\/Dienifer-scaled-e1764702234793-300x275.jpg\" class=\"attachment-medium size-medium\" alt=\"\" srcset=\"https:\/\/abes-es.org.br\/evento\/wp-content\/uploads\/2025\/12\/Dienifer-scaled-e1764702234793-300x275.jpg 300w, https:\/\/abes-es.org.br\/evento\/wp-content\/uploads\/2025\/12\/Dienifer-scaled-e1764702234793-1024x939.jpg 1024w, https:\/\/abes-es.org.br\/evento\/wp-content\/uploads\/2025\/12\/Dienifer-scaled-e1764702234793-768x704.jpg 768w, https:\/\/abes-es.org.br\/evento\/wp-content\/uploads\/2025\/12\/Dienifer-scaled-e1764702234793.jpg 1200w\" sizes=\"(max-width: 300px) 100vw, 300px\" \/><\/div><div class=\"nome-instrutor nome tac\">Enga. Di\u00eanifer Calegari Leopoldino<\/div><div class=\"formacao-instrutor linha-botao tac\"><div data-target-id=\"iid-7\" class=\"botao-modal tac ttuc fs-09 botao\"><a href=\"\">Forma\u00e7\u00e3o e Experi\u00eancia<\/a><\/div><\/div><div class=\"hide\" id=\"iid-7\"><h3>Enga. Di\u00eanifer Calegari Leopoldino<\/h3><p>Formada em Engenharia Civil pela Universidade Federal do Esp\u00edrito Santo, em 2010. Concluiu seu Ensino M\u00e9dio no Centro Tecnol\u00f3gico do Esp\u00edrito Santo \u2013 Unidade Descentralizada de Colatina (IFES), em 2001. Concluiu em 2014, MBA em Constru\u00e7\u00e3o Sustent\u00e1vel na IPOG \u2013 Institui\u00e7\u00e3o de P\u00f3s Gradua\u00e7\u00e3o. Conclui em 2016, Especializa\u00e7\u00e3o em Engenharia Sanit\u00e1ria e Ambiental na Faculdade C\u00e2ndido Mendes \u2013 FACAM\/Vit\u00f3ria. Conclui em 2019 o Mestrado em Engenharia de Desenvolvimento Sustent\u00e1vel pela UFES. Concluiu em 2022 a Especializa\u00e7\u00e3o em Gest\u00e3o de SAA e SES na IPOG \u2013 Institui\u00e7\u00e3o de P\u00f3s Gradua\u00e7\u00e3o. Em 2022 iniciou o Doutorado em Engenharia Ambiental com previs\u00e3o de conclus\u00e3o em 2025. Desde 2013 atua como Analista de Saneamento na CESAN \u2013 Companhia de Saneamento do Esp\u00edrito Santo.<\/p>\n<\/div><\/div><\/div><div class=\"col\"><div class=\"instrutor p-10\"><div class=\"foto-instrutor foto\"><img width=\"226\" height=\"205\" src=\"https:\/\/abes-es.org.br\/evento\/wp-content\/uploads\/2025\/12\/Fatima-Lima.jpg\" class=\"attachment-medium size-medium\" alt=\"\" \/><\/div><div class=\"nome-instrutor nome tac\">Enga. Maria de F\u00e1tima de Lima<\/div><div class=\"formacao-instrutor linha-botao tac\"><div data-target-id=\"iid-8\" class=\"botao-modal tac ttuc fs-09 botao\"><a href=\"\">Forma\u00e7\u00e3o e Experi\u00eancia<\/a><\/div><\/div><div class=\"hide\" id=\"iid-8\"><h3>Enga. Maria de F\u00e1tima de Lima<\/h3><p>Qu\u00edmica Industrial pela Faculdade Reunidas Nuno Lisboa\/RJ com Especializa\u00e7\u00e3o em Engenharia Sanit\u00e1ria e Ambiental pela Universidade Estadual do Rio de Janeiro. Foi Pesquisadora na Escola Nacional de Sa\u00fade P\u00fablica - Funda\u00e7\u00e3o Oswaldo Cruz- RJ, Supervisora em Manuten\u00e7\u00e3o e Opera\u00e7\u00e3o de esta\u00e7\u00f5es de tratamento de esgoto e efluentes industriais na TECMA-Tecnologia em Meio Ambiente Ltda, Subgerente do Setor Normas e Instru\u00e7\u00f5es T\u00e9cnicas da SEAMA- Secretaria para Assuntos de Meio Ambiente, Diretora de Qualidade Ambiental da Secretaria Municipal de Meio Ambiente de Vit\u00f3ria, Coordenadora do Projeto Crit\u00e9rios de Uso e Manejo, Agr\u00edcola e Florestal, do Lodo de Esta\u00e7\u00e3o de Tratamento de Esgoto no Esp\u00edrito Santo premiado na categoria Inova\u00e7\u00e3o Tecnol\u00f3gica do Inoves Ciclo 2009\/ES e o Pr\u00eamio de Destaque Nacional de Desenvolvimento Sustent\u00e1vel e Responsabilidade Social (2012) pelo Instituto Ambiental Bioesfera.<br \/>\nAtualmente Analista de Saneamento\/CESAN com atua\u00e7\u00e3o em manuten\u00e7\u00e3o e opera\u00e7\u00e3o de esta\u00e7\u00f5es de tratamento de esgoto.<\/p>\n<\/div><\/div><\/div><div class=\"col\"><div class=\"instrutor p-10\"><div class=\"foto-instrutor foto\"><img width=\"300\" height=\"300\" src=\"https:\/\/abes-es.org.br\/evento\/wp-content\/uploads\/2025\/12\/SELMA-OK-300x300.jpeg\" class=\"attachment-medium size-medium\" alt=\"\" srcset=\"https:\/\/abes-es.org.br\/evento\/wp-content\/uploads\/2025\/12\/SELMA-OK-300x300.jpeg 300w, https:\/\/abes-es.org.br\/evento\/wp-content\/uploads\/2025\/12\/SELMA-OK-1024x1024.jpeg 1024w, https:\/\/abes-es.org.br\/evento\/wp-content\/uploads\/2025\/12\/SELMA-OK-150x150.jpeg 150w, https:\/\/abes-es.org.br\/evento\/wp-content\/uploads\/2025\/12\/SELMA-OK-768x768.jpeg 768w, https:\/\/abes-es.org.br\/evento\/wp-content\/uploads\/2025\/12\/SELMA-OK-1536x1536.jpeg 1536w, https:\/\/abes-es.org.br\/evento\/wp-content\/uploads\/2025\/12\/SELMA-OK.jpeg 1544w\" sizes=\"(max-width: 300px) 100vw, 300px\" \/><\/div><div class=\"nome-instrutor nome tac\">Enga. Selma Clara de Lima<\/div><div class=\"formacao-instrutor linha-botao tac\"><div data-target-id=\"iid-9\" class=\"botao-modal tac ttuc fs-09 botao\"><a href=\"\">Forma\u00e7\u00e3o e Experi\u00eancia<\/a><\/div><\/div><div class=\"hide\" id=\"iid-9\"><h3>Enga. Selma Clara de Lima<\/h3><p>A profissional possui uma s\u00f3lida forma\u00e7\u00e3o em Engenharia, sendo Engenheira de Produ\u00e7\u00e3o (FAESA, 2013) e Engenheira Civil (Multivix, 2016). Sua base acad\u00eamica \u00e9 complementada por diversas especializa\u00e7\u00f5es, incluindo Gerenciamento de Projetos (FACAM, 2014), Engenharia da Qualidade (PUC-Minas, 2015) e Engenharia de Infraestrutura Urbana (IFES, 2022). Atualmente, est\u00e1 cursando MBA em Saneamento Ambiental pela FESPSP, com conclus\u00e3o prevista para 2025. Com uma carreira de 16 anos no setor de saneamento, atua na CESAN desde 2009, onde consolidou experi\u00eancia na \u00e1rea de Cadastro T\u00e9cnico de sistemas de abastecimento de \u00e1gua e esgotamento sanit\u00e1rio. Al\u00e9m de sua atua\u00e7\u00e3o t\u00e9cnica, participa ativamente como membro da C\u00e2mara Tem\u00e1tica de Res\u00edduos S\u00f3lidos da ABES-MG, contribuindo em debates t\u00e9cnicos, na elabora\u00e7\u00e3o de propostas e no fortalecimento da integra\u00e7\u00e3o de boas pr\u00e1ticas e da representatividade da associa\u00e7\u00e3o no Esp\u00edrito Santo.<\/p>\n<\/div><\/div><\/div><div class=\"col\"><div class=\"instrutor p-10\"><div class=\"foto-instrutor foto\"><img width=\"300\" height=\"300\" src=\"https:\/\/abes-es.org.br\/evento\/wp-content\/uploads\/2025\/12\/cleverson-Andreoli-300x300.png\" class=\"attachment-medium size-medium\" alt=\"\" srcset=\"https:\/\/abes-es.org.br\/evento\/wp-content\/uploads\/2025\/12\/cleverson-Andreoli-300x300.png 300w, https:\/\/abes-es.org.br\/evento\/wp-content\/uploads\/2025\/12\/cleverson-Andreoli-150x150.png 150w, https:\/\/abes-es.org.br\/evento\/wp-content\/uploads\/2025\/12\/cleverson-Andreoli.png 521w\" sizes=\"(max-width: 300px) 100vw, 300px\" \/><\/div><div class=\"nome-instrutor nome tac\">Eng. Cleverson Vit\u00f3rio Andreoli<\/div><div class=\"formacao-instrutor linha-botao tac\"><div data-target-id=\"iid-10\" class=\"botao-modal tac ttuc fs-09 botao\"><a href=\"\">Forma\u00e7\u00e3o e Experi\u00eancia<\/a><\/div><\/div><div class=\"hide\" id=\"iid-10\"><h3>Eng. Cleverson Vit\u00f3rio Andreoli<\/h3><p>Engenheiro Agr\u00f4nomo, Mestre em Ci\u00eancias do Solo e Doutor em Meio Ambiente e Desenvolvimento. \u00c9 Diretor da empresa CEA Consultoria e Engenharia  Ambiental, que presta servi\u00e7os na \u00e1rea de gest\u00e3o de lodo de esgoto para a BRK, Aegea e Citagua. \u00c9 consultor cient\u00edfico do SENAR \u2013PR para o programa integrado de pesquisa em manejo e conserva\u00e7\u00e3o de solo e \u00e1gua do estado do Paran\u00e1 e do Programa Agrinho de Educa\u00e7\u00e3o Ambiental. Coordena a rede estadual de pesquisa sobre o complexo do enfezamento do milho, pela Funda\u00e7\u00e3o Arauc\u00e1ria. Coordenador e autor de 25 livros na \u00e1rea ambiental, dos quais 10 sobre lodo de esgoto, e publicou mais de 230 artigos cient\u00edficos.<br \/>\nFoi coordenador do Programa Interdisciplinar de Reciclagem Agr\u00edcola de Lodo de Esgoto por 23 anos e de 5 redes nacionais de pesquisa no \u00e2mbito do Prosab. Por 22 anos foi professor na UFPR, nos cursos de gradua\u00e7\u00e3o em Agronomia, no Mestrado na disciplina de Gest\u00e3o Integrada de Bacias Hidrogr\u00e1ficas e no Doutorado em Meio Ambiente e Desenvolvimento de Pol\u00edticas e Gest\u00e3o Ambiental. Foi tamb\u00e9m professor do Programa de Mestrado em Governan\u00e7a e Sustentabilidade do ISAE e \u00e9 professor no curso de educa\u00e7\u00e3o a dist\u00e2ncia de Gest\u00e3o Ambiental na disciplina de avalia\u00e7\u00e3o de impacto ambiental na FGV.<br \/>\nFoi editor da revista Saneamento Ambiental da ABES e atualmente faz parte do conselho editorial. Foi engenheiro de pesquisa e gerente da Assessoria de Pesquisa e Desenvolvimento da Companhia de Saneamento do Paran\u00e1 \u2013 Sanepar, onde trabalhou por 35 anos.  Fundador e primeiro presidente do N\u00facleo Interdisciplinar de Meio Ambiente e Desenvolvimento da UFPR. Foi superintendente da Surehma (\u00f3rg\u00e3o ambiental do Paran\u00e1) e presidente da Associa\u00e7\u00e3o Brasileira de Entidades de Meio Ambiente.<br \/>\nVisita de estudos de dois meses na Ohio State University, com atividades na \u00e1rea de uso agr\u00edcola de lodo com orienta\u00e7\u00e3o do prof Terry Logan, em 2.006. Realizou diversas consultorias para entidades internacionais como o PNUMA - Programa das Na\u00e7\u00f5es Unidas para o Meio Ambiente e para o PNUD - Programa das Na\u00e7\u00f5es Unidas para o Desenvolvimento na \u00e1rea de gest\u00e3o ambiental e para a FAO na \u00e1rea de gest\u00e3o de recursos h\u00eddricos. Viagem de estudos para a Fran\u00e7a, como contrapartida em projeto de coopera\u00e7\u00e3o internacional da Ag\u00eancia Brasileira de Coopera\u00e7\u00e3o \u2013 ABC, onde trabalhou na empresa Agrodevelopement por dois meses, respons\u00e1vel pela gest\u00e3o do lodo de esgoto de empresas de saneamento da Fran\u00e7a, Espanha e Portugal em 2.008. Participou de programas de coopera\u00e7\u00e3o t\u00e9cnica internacional na Alemanha oferecido pela  INWENT e participou de semin\u00e1rios na Fran\u00e7a, Estados Unidos, M\u00e9xico, Gr\u00e9cia, Uruguai, Chile, Argentina, Col\u00f4mbia e Rep\u00fablica Dominicana. Membro permanente da International Water Academy \u2013 IWA com sede em Oslo, Noruega.<br \/>\nFoi tamb\u00e9m representante do Paran\u00e1 no Conselho Nacional de Meio Ambiente, de onde recebeu uma mo\u00e7\u00e3o de reconhecimento pela defesa da causa ambiental brasileira, aprovada por unanimidade de seus 54 membros.<br \/>\nGanhador do Pr\u00eamio FINEP de inova\u00e7\u00e3o tecnol\u00f3gica nos anos de 1998 e 2007, com o programa interdisciplinar de pesquisa em reciclagem agr\u00edcola de lodo de esgoto e do pr\u00eamio Abel Wolman de  melhor trabalho cient\u00edfico apresentado no Congresso da AIDIS em 2014. Ganhador da medalha do m\u00e9rito agron\u00f4mico, oferecido pelo CREA \u2013 PR em 2.022. <\/p>\n<\/div><\/div><\/div><div class=\"col\"><div class=\"instrutor p-10\"><div class=\"foto-instrutor foto\"><img width=\"280\" height=\"300\" src=\"https:\/\/abes-es.org.br\/evento\/wp-content\/uploads\/2025\/12\/Ricardo-Galvao-Amancio-Cruz-GS-Inima-e1766432604169-280x300.jpeg\" class=\"attachment-medium size-medium\" alt=\"\" srcset=\"https:\/\/abes-es.org.br\/evento\/wp-content\/uploads\/2025\/12\/Ricardo-Galvao-Amancio-Cruz-GS-Inima-e1766432604169-280x300.jpeg 280w, https:\/\/abes-es.org.br\/evento\/wp-content\/uploads\/2025\/12\/Ricardo-Galvao-Amancio-Cruz-GS-Inima-e1766432604169.jpeg 363w\" sizes=\"(max-width: 280px) 100vw, 280px\" \/><\/div><div class=\"nome-instrutor nome tac\">Eng. Ricardo Galv\u00e3o<\/div><div class=\"formacao-instrutor linha-botao tac\"><div data-target-id=\"iid-11\" class=\"botao-modal tac ttuc fs-09 botao\"><a href=\"\">Forma\u00e7\u00e3o e Experi\u00eancia<\/a><\/div><\/div><div class=\"hide\" id=\"iid-11\"><h3>Eng. Ricardo Galv\u00e3o<\/h3><p>Engenheiro de Controle e Automa\u00e7\u00e3o, com especializa\u00e7\u00e3o em Engenharia de Saneamento e MBA em Gest\u00e3o de Opera\u00e7\u00e3o e Manuten\u00e7\u00e3o. Atua desde 2015 no setor de saneamento e utilities e atualmente lidera a SPE \u00c1guas de Re\u00faso de Vit\u00f3ria, com foco na economia circular da \u00e1gua.<\/p>\n<\/div><\/div><\/div><div class=\"col\"><div class=\"instrutor p-10\"><div class=\"foto-instrutor foto\"><img width=\"200\" height=\"200\" src=\"https:\/\/abes-es.org.br\/evento\/wp-content\/uploads\/2026\/01\/Fernanda-Furtado.jpg\" class=\"attachment-medium size-medium\" alt=\"\" srcset=\"https:\/\/abes-es.org.br\/evento\/wp-content\/uploads\/2026\/01\/Fernanda-Furtado.jpg 200w, https:\/\/abes-es.org.br\/evento\/wp-content\/uploads\/2026\/01\/Fernanda-Furtado-150x150.jpg 150w\" sizes=\"(max-width: 200px) 100vw, 200px\" \/><\/div><div class=\"nome-instrutor nome tac\">Fernanda Furtado <\/div><div class=\"formacao-instrutor linha-botao tac\"><div data-target-id=\"iid-12\" class=\"botao-modal tac ttuc fs-09 botao\"><a href=\"\">Forma\u00e7\u00e3o e Experi\u00eancia<\/a><\/div><\/div><div class=\"hide\" id=\"iid-12\"><h3>Fernanda Furtado <\/h3><p>Especialista em Pol\u00edticas P\u00fablicas e Gest\u00e3o Governamental (EPPGG) no Governo do Estado do Esp\u00edrito Santo. Atualmente comp\u00f5e o quadro da SEAMA (Secretaria de Meio Ambiente e Recursos H\u00eddricos), onde atua na Ger\u00eancia de Integra\u00e7\u00e3o e Desenvolvimento Sustent\u00e1vel e na gest\u00e3o do Plano de Dados Abertos da institui\u00e7\u00e3o, al\u00e9m de ser membro titular da Comiss\u00e3o de \u00c9tica.<\/p>\n<\/div><\/div><\/div><div class=\"col\"><div class=\"instrutor p-10\"><div class=\"foto-instrutor foto\"><img width=\"298\" height=\"300\" src=\"https:\/\/abes-es.org.br\/evento\/wp-content\/uploads\/2026\/03\/Karine-298x300.jpg\" class=\"attachment-medium size-medium\" alt=\"\" srcset=\"https:\/\/abes-es.org.br\/evento\/wp-content\/uploads\/2026\/03\/Karine-298x300.jpg 298w, https:\/\/abes-es.org.br\/evento\/wp-content\/uploads\/2026\/03\/Karine-150x150.jpg 150w, https:\/\/abes-es.org.br\/evento\/wp-content\/uploads\/2026\/03\/Karine.jpg 697w\" sizes=\"(max-width: 298px) 100vw, 298px\" \/><\/div><div class=\"nome-instrutor nome tac\">Karina Alencar<\/div><div class=\"formacao-instrutor linha-botao tac\"><div data-target-id=\"iid-13\" class=\"botao-modal tac ttuc fs-09 botao\"><a href=\"\">Forma\u00e7\u00e3o e Experi\u00eancia<\/a><\/div><\/div><div class=\"hide\" id=\"iid-13\"><h3>Karina Alencar<\/h3><p>Eeconomista pela Pontif\u00edcia Universidade Cat\u00f3lica do Rio de Janeiro (PUC-Rio), especialista em Rela\u00e7\u00f5es Internacionais pela mesma institui\u00e7\u00e3o, mestre em Engenharia Sanit\u00e1ria pela Universidade do Estado do Rio de Janeiro (UERJ) e doutoranda em Engenharia Ambiental. Atua na interface entre economia da \u00e1gua, engenharia sanit\u00e1ria e pol\u00edticas p\u00fablicas voltadas \u00e0 seguran\u00e7a h\u00eddrica e \u00e0 sustentabilidade dos sistemas de saneamento.<br \/>\n\u00c9 Assessora da Presid\u00eancia da Companhia Estadual de \u00c1guas e Esgotos do Rio de Janeiro (CEDAE), onde participa da an\u00e1lise estrat\u00e9gica de temas relacionados \u00e0 infraestrutura h\u00eddrica, economia do saneamento, gest\u00e3o de contratos e planejamento de investimentos no setor.<br \/>\nNo campo institucional, \u00e9 conselheira do Conselho Estadual de Recursos H\u00eddricos do Rio de Janeiro (CERHI-RJ), foi diretora do Comit\u00ea da Bacia Hidrogr\u00e1fica do Guandu e coordena a C\u00e2mara T\u00e9cnica de Dessaliniza\u00e7\u00e3o e Re\u00faso da Associa\u00e7\u00e3o Brasileira de Engenharia Sanit\u00e1ria e Ambiental (ABES).<br \/>\nSua atua\u00e7\u00e3o acad\u00eamica e profissional concentra-se em temas relacionados \u00e0 seguran\u00e7a h\u00eddrica, re\u00faso de \u00e1gua, dessaliniza\u00e7\u00e3o e diversifica\u00e7\u00e3o da matriz h\u00eddrica, com foco na viabilidade t\u00e9cnica, econ\u00f4mica e institucional dessas solu\u00e7\u00f5es para o planejamento urbano e industrial.<br \/>\n\u00c9 idealizadora do SINRED \u2013 Simp\u00f3sio Nacional de Re\u00faso e Dessaliniza\u00e7\u00e3o, iniciativa voltada \u00e0 articula\u00e7\u00e3o entre governo, setor produtivo, academia e reguladores para o avan\u00e7o de solu\u00e7\u00f5es inovadoras em gest\u00e3o e infraestrutura h\u00eddrica no Brasil.<\/p>\n<\/div><\/div><\/div><\/div><\/section>","protected":false},"excerpt":{"rendered":"","protected":false},"author":2,"featured_media":0,"parent":0,"menu_order":0,"comment_status":"closed","ping_status":"closed","template":"","meta":{"_acf_changed":false,"inline_featured_image":false,"footnotes":""},"class_list":["post-219","page","type-page","status-publish"],"acf":[],"_links":{"self":[{"href":"https:\/\/abes-es.org.br\/evento\/wp-json\/wp\/v2\/pages\/219","targetHints":{"allow":["GET"]}}],"collection":[{"href":"https:\/\/abes-es.org.br\/evento\/wp-json\/wp\/v2\/pages"}],"about":[{"href":"https:\/\/abes-es.org.br\/evento\/wp-json\/wp\/v2\/types\/page"}],"author":[{"embeddable":true,"href":"https:\/\/abes-es.org.br\/evento\/wp-json\/wp\/v2\/users\/2"}],"replies":[{"embeddable":true,"href":"https:\/\/abes-es.org.br\/evento\/wp-json\/wp\/v2\/comments?post=219"}],"version-history":[{"count":113,"href":"https:\/\/abes-es.org.br\/evento\/wp-json\/wp\/v2\/pages\/219\/revisions"}],"predecessor-version":[{"id":4175,"href":"https:\/\/abes-es.org.br\/evento\/wp-json\/wp\/v2\/pages\/219\/revisions\/4175"}],"wp:attachment":[{"href":"https:\/\/abes-es.org.br\/evento\/wp-json\/wp\/v2\/media?parent=219"}],"curies":[{"name":"wp","href":"https:\/\/api.w.org\/{rel}","templated":true}]}}